{"id":242251,"date":"2025-01-23T13:29:04","date_gmt":"2025-01-23T12:29:04","guid":{"rendered":"https:\/\/www.visionsdureel.ch\/?post_type=vdr-on-tour&#038;p=242251"},"modified":"2025-02-10T11:34:36","modified_gmt":"2025-02-10T10:34:36","slug":"sauve-qui-peut","status":"publish","type":"vdr-on-tour","link":"https:\/\/2026.visionsdureel.ch\/en\/vdr-on-tour\/sauve-qui-peut\/","title":{"rendered":"VdR on Tour : Sauve qui peut"},"content":{"rendered":"\n<p>Retrouvez <em><a href=\"https:\/\/2026.visionsdureel.ch\/film\/2024\/sauve-qui-peut\/\">Sauve qui peut<\/a><\/em>, r\u00e9alis\u00e9 par Alexe Poukine, projet\u00e9 dans la <a href=\"https:\/\/2026.visionsdureel.ch\/programme\/section\/competition-nationale\/\">Comp\u00e9tition nationale<\/a> \u2013 lors de la 55e \u00e9dition de Visions du R\u00e9el en premi\u00e8re internationale \u2013 lors de diff\u00e9rentes avant-premi\u00e8res dans toute la Suisse romande !<\/p>\n\n\n\n<p><strong>Projections en avant-premi\u00e8re, en pr\u00e9sence de la r\u00e9alisatrice :<\/strong><\/p>\n\n\n\n<ul class=\"wp-block-list\">\n<li>Jeudi 6 f\u00e9vrier \u00e0 20h15 \u2013 <a href=\"https:\/\/bit.ly\/4gL6NIV\" target=\"_blank\" rel=\"noreferrer noopener\">Path\u00e9 Les Galeries<\/a>, Lausanne<\/li>\n\n\n\n<li>Vendredi 7 f\u00e9vrier \u00e0 20h45 \u2013 <a href=\"https:\/\/scala-city.ticketack.com\/screening\/buy\/202502072045220\" target=\"_blank\" rel=\"noreferrer noopener\">Les Scala<\/a>, Gen\u00e8ve<\/li>\n\n\n\n<li>Samedi 8 f\u00e9vrier \u00e0 15h30 \u2013 <a href=\"https:\/\/www.cinepel.ch\/fr\/la-chaux-de-fonds\/film\/167456.html\" target=\"_blank\" rel=\"noreferrer noopener\">Scala<\/a>, La Chaux-de-Fonds<\/li>\n\n\n\n<li>Samedi 8 f\u00e9vrier \u00e0 17h45 \u2013 <a href=\"https:\/\/www.cinepel.ch\/fr\/neuchatel\/film\/167456.html\" target=\"_blank\" rel=\"noreferrer noopener\">Bio<\/a>, Neuch\u00e2tel<\/li>\n\n\n\n<li>Dimanche 9 f\u00e9vrier \u00e0 11h00 \u2013 <a href=\"https:\/\/www.advance-ticket.ch\/sell\/549626\" target=\"_blank\" rel=\"noreferrer noopener\">Od\u00e9on<\/a>, Morges<\/li>\n\n\n\n<li>Dimanche 9 f\u00e9vrier \u00e0 17h30 \u2013 Royal, Sainte-Croix<\/li>\n\n\n\n<li>Lundi 10 f\u00e9vrier \u00e0 18h00 \u2013 <a href=\"https:\/\/www.advance-ticket.ch\/sell\/844522\" target=\"_blank\" rel=\"noreferrer noopener\">Bel-air<\/a>, Yverdon<\/li>\n<\/ul>\n\n\n\n<p><strong>Projections dans le cadre de Cin\u00e9-Doc :<\/strong><\/p>\n\n\n\n<ul class=\"wp-block-list\">\n<li>Mardi 11 f\u00e9vrier \u00e0 18h15 \u2013 <a href=\"https:\/\/cinerive.com\/fr\/cinedoc_sauvequipeut\" target=\"_blank\" rel=\"noreferrer noopener\">Astor<\/a>, Vevey \u2013 <em>En pr\u00e9sence de la r\u00e9alisatrice<\/em><\/li>\n\n\n\n<li>Mercredi 12 f\u00e9vrier \u00e0 18h15 \u2013 <a href=\"https:\/\/www.cinemotion.ch\/deja-en-vente\/sauve-qui-peut-9435.html\" target=\"_blank\" rel=\"noreferrer noopener\">Rex<\/a>, Fribourg \u2013 <em>En pr\u00e9sence de la r\u00e9alisatrice<\/em><\/li>\n\n\n\n<li>Jeudi 13 f\u00e9vrier \u00e0 19h30 \u2013 <a href=\"https:\/\/cinerive.com\/fr\/cinedoc_sauvequipeut\">Cinema Urba<\/a>, Orbe<\/li>\n\n\n\n<li>Vendredi 14 f\u00e9vrier \u00e0 18h15 \u2013 <a href=\"https:\/\/billetterie.cinemotion.ch\/cgi-bin\/wkWebForm.fcgi?wkform=9411&amp;id=254800\">Cin\u00e9ma Les Apollos<\/a>, Payerne<\/li>\n\n\n\n<li>Vendredi 14 f\u00e9vrier \u00e0 20h30 \u2013 Cin\u00e9ma de la Grande Salle, Chexbres<\/li>\n\n\n\n<li>Dimanche 16 f\u00e9vrier \u00e0 10h00 \u2013<a href=\"https:\/\/cinemajoie.ch\/events\/sauve-qui-peut\/\"> Cin\u00e9majoie<\/a>, Porrentruy<\/li>\n\n\n\n<li>Dimanche 16 f\u00e9vrier \u00e0 17h00 \u2013 Cin\u00e9lucarne, Le Noirmont<\/li>\n\n\n\n<li>Lundi 17 f\u00e9vrier \u00e0 18h00 \u2013 <a href=\"https:\/\/cinesion.ch\/resume?movie=3519\">Capitole<\/a>, Sion<\/li>\n\n\n\n<li>Mardi 18 f\u00e9vrier \u00e0 18h00 \u2013 <a href=\"https:\/\/cinerive.com\/fr\/cinedoc_sauvequipeut\">Cin\u00e9ma corso<\/a>, Martigny<\/li>\n\n\n\n<li>Jeudi 20 f\u00e9vrier \u00e0 20h00 \u2013 <a href=\"https:\/\/www.cinemaechallens.com\/film\/sauve-qui-peut\">Cin\u00e9ma d&#8217;Echallens<\/a>, Echallens<\/li>\n\n\n\n<li>Dimanche 23 f\u00e9vrier \u00e0 10h30 \u2013 Royal, Tavannes<\/li>\n\n\n\n<li>Mercredi 26 f\u00e9vrier \u00e0 18h15 \u2013 <a href=\"https:\/\/billetterie.cinemotion.ch\/cgi-bin\/wkWebForm.fcgi\/form?wkform=9411&amp;id=254802\">Prado<\/a>, Bulle<\/li>\n\n\n\n<li>Jeudi 27 f\u00e9vrier \u00e0 18h00 \u2013 <a href=\"https:\/\/cinerive.com\/fr\/cinedoc_sauvequipeut\">Plaza<\/a>, Monthey<\/li>\n\n\n\n<li>Dimanche 2 mars \u00e0 10h30 \u2013 Eden, Ch\u00e2teau-D&#8217;Oex<\/li>\n\n\n\n<li>Mardi 2 mars \u00e0 20h30 \u2013&nbsp;Cin\u00e92520, La Neuveville<\/li>\n<\/ul>\n\n\n\n<p><em><a href=\"https:\/\/2026.visionsdureel.ch\/film\/2024\/everything-is-temporary\/\">Sauve qui p<\/a><a href=\"https:\/\/2026.visionsdureel.ch\/film\/2024\/sauve-qui-peut\/\">eut<\/a><br><\/em>Alexe Poukine<br>Belgique, Suisse, France | 2024 | 98 min<br>Langue : fran\u00e7ais<br>Sous-titre : anglais<br>Distributeur : <a href=\"http:\/\/www.agorafilms.net\/film\/392\/SAUVE%20QUI%20PEUT\">Agora Films<\/a><\/p>\n\n\n\n<p>Dans un centre de formation, de&nbsp;vrai\u00b7es&nbsp;soignant\u00b7es&nbsp;et de fau\u00b7x\u00b7sses&nbsp;patient\u00b7es&nbsp;simulent des consultations m\u00e9dicales. Le but de ces jeux de r\u00f4les est de d\u00e9velopper les qualit\u00e9s humaines des th\u00e9rapeutes. Mais l\u2019id\u00e9al relationnel pr\u00f4n\u00e9 en formation est-il applicable dans notre syst\u00e8me hospitalier ?<\/p>\n\n\n\n<h2 class=\"wp-block-heading\">Photos<\/h2>\n\n\n\n<figure class=\"wp-block-gallery has-nested-images columns-default is-cropped wp-block-gallery-1 is-layout-flex wp-block-gallery-is-layout-flex\">\n<figure class=\"wp-block-image size-large\"><img loading=\"lazy\" decoding=\"async\" width=\"1080\" height=\"720\" data-id=\"242282\" src=\"https:\/\/2026.visionsdureel.ch\/wp-content\/uploads\/2025\/01\/SAUVE-QUI-PEUT_PHOTO5-1080x720.jpg\" alt=\"\" class=\"wp-image-242282\" srcset=\"https:\/\/2026.visionsdureel.ch\/wp-content\/uploads\/2025\/01\/SAUVE-QUI-PEUT_PHOTO5-1080x720.jpg 1080w, https:\/\/2026.visionsdureel.ch\/wp-content\/uploads\/2025\/01\/SAUVE-QUI-PEUT_PHOTO5-720x480.jpg 720w, https:\/\/2026.visionsdureel.ch\/wp-content\/uploads\/2025\/01\/SAUVE-QUI-PEUT_PHOTO5-270x180.jpg 270w, https:\/\/2026.visionsdureel.ch\/wp-content\/uploads\/2025\/01\/SAUVE-QUI-PEUT_PHOTO5-360x240.jpg 360w, https:\/\/2026.visionsdureel.ch\/wp-content\/uploads\/2025\/01\/SAUVE-QUI-PEUT_PHOTO5-540x360.jpg 540w, https:\/\/2026.visionsdureel.ch\/wp-content\/uploads\/2025\/01\/SAUVE-QUI-PEUT_PHOTO5.jpg 1620w\" sizes=\"auto, (max-width: 1080px) 100vw, 1080px\" \/><\/figure>\n\n\n\n<figure class=\"wp-block-image size-large\"><img loading=\"lazy\" decoding=\"async\" width=\"1080\" height=\"720\" data-id=\"242271\" src=\"https:\/\/2026.visionsdureel.ch\/wp-content\/uploads\/2025\/01\/SAUVE-QUI-PEUT_PHOTO4-1080x720.jpg\" alt=\"\" class=\"wp-image-242271\" srcset=\"https:\/\/2026.visionsdureel.ch\/wp-content\/uploads\/2025\/01\/SAUVE-QUI-PEUT_PHOTO4-1080x720.jpg 1080w, https:\/\/2026.visionsdureel.ch\/wp-content\/uploads\/2025\/01\/SAUVE-QUI-PEUT_PHOTO4-720x480.jpg 720w, https:\/\/2026.visionsdureel.ch\/wp-content\/uploads\/2025\/01\/SAUVE-QUI-PEUT_PHOTO4-270x180.jpg 270w, https:\/\/2026.visionsdureel.ch\/wp-content\/uploads\/2025\/01\/SAUVE-QUI-PEUT_PHOTO4-360x240.jpg 360w, https:\/\/2026.visionsdureel.ch\/wp-content\/uploads\/2025\/01\/SAUVE-QUI-PEUT_PHOTO4-540x360.jpg 540w, https:\/\/2026.visionsdureel.ch\/wp-content\/uploads\/2025\/01\/SAUVE-QUI-PEUT_PHOTO4.jpg 1620w\" sizes=\"auto, (max-width: 1080px) 100vw, 1080px\" \/><\/figure>\n\n\n\n<figure class=\"wp-block-image size-large\"><img loading=\"lazy\" decoding=\"async\" width=\"1080\" height=\"720\" data-id=\"242275\" src=\"https:\/\/2026.visionsdureel.ch\/wp-content\/uploads\/2025\/01\/SAUVE-QUI-PEUT_PHOTO3-1080x720.jpg\" alt=\"\" class=\"wp-image-242275\" srcset=\"https:\/\/2026.visionsdureel.ch\/wp-content\/uploads\/2025\/01\/SAUVE-QUI-PEUT_PHOTO3-1080x720.jpg 1080w, https:\/\/2026.visionsdureel.ch\/wp-content\/uploads\/2025\/01\/SAUVE-QUI-PEUT_PHOTO3-720x480.jpg 720w, https:\/\/2026.visionsdureel.ch\/wp-content\/uploads\/2025\/01\/SAUVE-QUI-PEUT_PHOTO3-270x180.jpg 270w, https:\/\/2026.visionsdureel.ch\/wp-content\/uploads\/2025\/01\/SAUVE-QUI-PEUT_PHOTO3-360x240.jpg 360w, https:\/\/2026.visionsdureel.ch\/wp-content\/uploads\/2025\/01\/SAUVE-QUI-PEUT_PHOTO3-540x360.jpg 540w, https:\/\/2026.visionsdureel.ch\/wp-content\/uploads\/2025\/01\/SAUVE-QUI-PEUT_PHOTO3.jpg 1620w\" sizes=\"auto, (max-width: 1080px) 100vw, 1080px\" \/><\/figure>\n\n\n\n<figure class=\"wp-block-image size-large\"><img loading=\"lazy\" decoding=\"async\" width=\"1076\" height=\"720\" data-id=\"242278\" src=\"https:\/\/2026.visionsdureel.ch\/wp-content\/uploads\/2025\/01\/SAUVE-QUI-PEUT_PHOTO2-1076x720.jpg\" alt=\"\" class=\"wp-image-242278\" srcset=\"https:\/\/2026.visionsdureel.ch\/wp-content\/uploads\/2025\/01\/SAUVE-QUI-PEUT_PHOTO2-1076x720.jpg 1076w, https:\/\/2026.visionsdureel.ch\/wp-content\/uploads\/2025\/01\/SAUVE-QUI-PEUT_PHOTO2-717x480.jpg 717w, https:\/\/2026.visionsdureel.ch\/wp-content\/uploads\/2025\/01\/SAUVE-QUI-PEUT_PHOTO2-269x180.jpg 269w, https:\/\/2026.visionsdureel.ch\/wp-content\/uploads\/2025\/01\/SAUVE-QUI-PEUT_PHOTO2-359x240.jpg 359w, https:\/\/2026.visionsdureel.ch\/wp-content\/uploads\/2025\/01\/SAUVE-QUI-PEUT_PHOTO2-538x360.jpg 538w, https:\/\/2026.visionsdureel.ch\/wp-content\/uploads\/2025\/01\/SAUVE-QUI-PEUT_PHOTO2-1614x1080.jpg 1614w, https:\/\/2026.visionsdureel.ch\/wp-content\/uploads\/2025\/01\/SAUVE-QUI-PEUT_PHOTO2.jpg 1620w\" sizes=\"auto, (max-width: 1076px) 100vw, 1076px\" \/><\/figure>\n\n\n\n<figure class=\"wp-block-image size-large\"><img loading=\"lazy\" decoding=\"async\" width=\"1080\" height=\"720\" data-id=\"242270\" src=\"https:\/\/2026.visionsdureel.ch\/wp-content\/uploads\/2025\/01\/SAUVE-QUI-PEUT_PHOTO1-1080x720.jpg\" alt=\"\" class=\"wp-image-242270\" srcset=\"https:\/\/2026.visionsdureel.ch\/wp-content\/uploads\/2025\/01\/SAUVE-QUI-PEUT_PHOTO1-1080x720.jpg 1080w, https:\/\/2026.visionsdureel.ch\/wp-content\/uploads\/2025\/01\/SAUVE-QUI-PEUT_PHOTO1-720x480.jpg 720w, https:\/\/2026.visionsdureel.ch\/wp-content\/uploads\/2025\/01\/SAUVE-QUI-PEUT_PHOTO1-270x180.jpg 270w, https:\/\/2026.visionsdureel.ch\/wp-content\/uploads\/2025\/01\/SAUVE-QUI-PEUT_PHOTO1-360x240.jpg 360w, https:\/\/2026.visionsdureel.ch\/wp-content\/uploads\/2025\/01\/SAUVE-QUI-PEUT_PHOTO1-540x360.jpg 540w, https:\/\/2026.visionsdureel.ch\/wp-content\/uploads\/2025\/01\/SAUVE-QUI-PEUT_PHOTO1.jpg 1620w\" sizes=\"auto, (max-width: 1080px) 100vw, 1080px\" \/><\/figure>\n\n\n\n<figure class=\"wp-block-image size-large\"><img loading=\"lazy\" decoding=\"async\" width=\"1080\" height=\"720\" data-id=\"242283\" src=\"https:\/\/2026.visionsdureel.ch\/wp-content\/uploads\/2025\/01\/SAUVE-QUI-PEUT_PHOTO0-1080x720.jpg\" alt=\"\" class=\"wp-image-242283\" srcset=\"https:\/\/2026.visionsdureel.ch\/wp-content\/uploads\/2025\/01\/SAUVE-QUI-PEUT_PHOTO0-1080x720.jpg 1080w, https:\/\/2026.visionsdureel.ch\/wp-content\/uploads\/2025\/01\/SAUVE-QUI-PEUT_PHOTO0-720x480.jpg 720w, https:\/\/2026.visionsdureel.ch\/wp-content\/uploads\/2025\/01\/SAUVE-QUI-PEUT_PHOTO0-270x180.jpg 270w, https:\/\/2026.visionsdureel.ch\/wp-content\/uploads\/2025\/01\/SAUVE-QUI-PEUT_PHOTO0-360x240.jpg 360w, https:\/\/2026.visionsdureel.ch\/wp-content\/uploads\/2025\/01\/SAUVE-QUI-PEUT_PHOTO0-540x360.jpg 540w, https:\/\/2026.visionsdureel.ch\/wp-content\/uploads\/2025\/01\/SAUVE-QUI-PEUT_PHOTO0.jpg 1620w\" sizes=\"auto, (max-width: 1080px) 100vw, 1080px\" \/><\/figure>\n<\/figure>\n\n\n\n<h2 class=\"wp-block-heading\">Trailer<\/h2>\n\n\n\n<figure class=\"wp-block-embed is-type-video is-provider-youtube wp-block-embed-youtube wp-embed-aspect-16-9 wp-has-aspect-ratio\"><div class=\"wp-block-embed__wrapper\">\n<iframe loading=\"lazy\" title=\"Bande-annonce SAUVE QUI PEUT - d\u00e8s le 12 f\u00e9vrier 2025 au cin\u00e9ma\" width=\"580\" height=\"326\" src=\"https:\/\/www.youtube.com\/embed\/_Rl6KKNfrmg?feature=oembed&#038;modestbranding=1&#038;showinfo=0&#038;rel=0\" frameborder=\"0\" allow=\"accelerometer; autoplay; clipboard-write; encrypted-media; gyroscope; picture-in-picture; web-share\" referrerpolicy=\"strict-origin-when-cross-origin\" allowfullscreen><\/iframe>\n<\/div><\/figure>\n\n\n\n<h2 class=\"wp-block-heading\">Affiche<\/h2>\n\n\n\n<figure class=\"wp-block-image size-full\"><img loading=\"lazy\" decoding=\"async\" width=\"500\" height=\"714\" src=\"https:\/\/2026.visionsdureel.ch\/wp-content\/uploads\/2025\/01\/image002.jpg\" alt=\"\" class=\"wp-image-242267\" srcset=\"https:\/\/2026.visionsdureel.ch\/wp-content\/uploads\/2025\/01\/image002.jpg 500w, https:\/\/2026.visionsdureel.ch\/wp-content\/uploads\/2025\/01\/image002-336x480.jpg 336w, https:\/\/2026.visionsdureel.ch\/wp-content\/uploads\/2025\/01\/image002-126x180.jpg 126w, https:\/\/2026.visionsdureel.ch\/wp-content\/uploads\/2025\/01\/image002-168x240.jpg 168w, https:\/\/2026.visionsdureel.ch\/wp-content\/uploads\/2025\/01\/image002-252x360.jpg 252w\" sizes=\"auto, (max-width: 500px) 100vw, 500px\" \/><\/figure>\n","protected":false},"excerpt":{"rendered":"<p>Retrouvez Sauve qui peut, r\u00e9alis\u00e9 par Alexe Poukine, projet\u00e9 dans la Comp\u00e9tition nationale lors de diff\u00e9rentes avant-premi\u00e8res dans toute la Suisse romande d\u00e8s le 6 f\u00e9vrier. <\/p>\n","protected":false},"featured_media":242275,"menu_order":0,"template":"","meta":{"_acf_changed":true},"class_list":["post-242251","vdr-on-tour","type-vdr-on-tour","status-publish","has-post-thumbnail","hentry","venue-vdrontour-romandie"],"acf":[],"_links":{"self":[{"href":"https:\/\/2026.visionsdureel.ch\/en\/wp-json\/wp\/v2\/vdr-on-tour\/242251","targetHints":{"allow":["GET"]}}],"collection":[{"href":"https:\/\/2026.visionsdureel.ch\/en\/wp-json\/wp\/v2\/vdr-on-tour"}],"about":[{"href":"https:\/\/2026.visionsdureel.ch\/en\/wp-json\/wp\/v2\/types\/vdr-on-tour"}],"wp:featuredmedia":[{"embeddable":true,"href":"https:\/\/2026.visionsdureel.ch\/en\/wp-json\/wp\/v2\/media\/242275"}],"wp:attachment":[{"href":"https:\/\/2026.visionsdureel.ch\/en\/wp-json\/wp\/v2\/media?parent=242251"}],"curies":[{"name":"wp","href":"https:\/\/api.w.org\/{rel}","templated":true}]}}