{"id":28048,"date":"2014-01-01T00:00:00","date_gmt":"2013-12-31T23:00:00","guid":{"rendered":"https:\/\/vdr.daisybell.ch\/news\/richard-dindo\/"},"modified":"2021-03-17T05:18:02","modified_gmt":"2021-03-17T04:18:02","slug":"richard-dindo","status":"publish","type":"invite-dhonneur","link":"https:\/\/2026.visionsdureel.ch\/de\/programm\/ehrengast\/richard-dindo\/","title":{"rendered":"Richard Dindo"},"content":{"rendered":"\n<h2 class=\"wp-block-heading\" id=\"h-le-premier-prix-ma-tre-du-r-el-est-d-cern-cette-ann-e-au-cin-aste-suisse-richard-dindo-l-un-des-plus-c-l-bres-r-alisateurs-de-documentaires-de-suisse-et-d-europe-r-trospective-d-couvrir-tout-le-mois-de-mai-2014-la-cin-math-que-suisse-lausanne\">Le premier Prix Ma\u00eetre du R\u00e9el est d\u00e9cern\u00e9 cette ann\u00e9e au cin\u00e9aste suisse Richard Dindo, l\u2019un des plus c\u00e9l\u00e8bres r\u00e9alisateurs de documentaires de Suisse et d\u2019Europe. R\u00e9trospective \u00e0 d\u00e9couvrir tout le mois de mai 2014 \u00e0 la Cin\u00e9math\u00e8que suisse Lausanne.<\/h2>\n\n\n\n<p>20\/45 |&nbsp;2014: un double anniversaire!\u2028D\u00e9velopper l\u2019offre cin\u00e9matographique et am\u00e9liorer l\u2019accueil des festivaliers tel est le bouquet de nouveaut\u00e9s qu\u2019offre le Festival international de cin\u00e9ma Nyon pour f\u00eater, du 25 avril au 3 mai 2014, ses 45 ans d\u2019existence et sa 20\u00e8me \u00e9dition sous l\u2019appellation Visions du R\u00e9el. A cette occasion, de nombreuses innovations sont au programme, notamment le Prix Ma\u00eetre du R\u00e9el \u2013 attribu\u00e9 \u00e0 un cin\u00e9aste du r\u00e9el de renomm\u00e9e mondiale.<br>Projet\u00e9s dans le monde entier, ses films font l\u2019objet de nombreuses r\u00e9trospectives aux Etats-Unis, en France, en Allemagne ou encore au Canada et en Argentine. Sa filmographie compte 34 films. Une r\u00e9trospective de ses films est organis\u00e9e en collaboration avec la Cin\u00e9math\u00e8que suisse. En parall\u00e8le, il donnera une le\u00e7on de cin\u00e9ma ouverte au grand public.<br>Le Sesterce d\u2019or Prix Ma\u00eetre du R\u00e9el \u2013 r\u00e9compensant l\u2019ensemble de sa carri\u00e8re \u2013 lui sera attribu\u00e9 le 29 avril 2014, dans le cadre de la soir\u00e9e officielle d\u2019anniversaire du Festival organis\u00e9e sous le haut patronage de Ruth Dreifuss.<br>En collaboration avec la Cin\u00e9math\u00e8que suisse (Lausanne), Visions du R\u00e9el On Tour pr\u00e9sente&nbsp;une grande r\u00e9trospective consacr\u00e9e \u00e0 l&#8217;oeuvre de Richard Dindo durant tout le mois de mai 2014.<\/p>\n\n\n\n<h2 class=\"wp-block-heading\" id=\"h-interview\">Interview<\/h2>\n\n\n\n<figure class=\"wp-block-embed is-type-video is-provider-youtube wp-block-embed-youtube wp-embed-aspect-16-9 wp-has-aspect-ratio\"><div class=\"wp-block-embed__wrapper\">\n<iframe loading=\"lazy\" title=\"VdR2014 Filmmaker Interview | PRIX MA\u00ceTRE DU R\u00c9EL 2014 | Richard Dindo\" width=\"580\" height=\"326\" src=\"https:\/\/www.youtube.com\/embed\/MFeRevojFMU?feature=oembed&#038;modestbranding=1&#038;showinfo=0&#038;rel=0\" frameborder=\"0\" allow=\"accelerometer; autoplay; clipboard-write; encrypted-media; gyroscope; picture-in-picture; web-share\" referrerpolicy=\"strict-origin-when-cross-origin\" allowfullscreen><\/iframe>\n<\/div><\/figure>\n\n\n\n<div style=\"height:20px\" aria-hidden=\"true\" class=\"wp-block-spacer\"><\/div>\n\n\n<\/div>\n<\/div>\n<div class=\"row mt-3 px-1 justify-content-center\">\n    <div class=\"col-6 col-md-4 col-xl-3 film_thumb px-1\">\n    <a href=\"https:\/\/2026.visionsdureel.ch\/de\/film\/2014\/remise-du-prix-maitre-du-reel\/\" class=\"thumbnail-16-9 \">\n\t\t<img loading=\"lazy\" decoding=\"async\" width=\"320\" height=\"180\" src=\"https:\/\/2026.visionsdureel.ch\/wp-content\/uploads\/2026\/03\/VdR26_site_cover_miniatures_1920x1080px-320x180.jpg\" class=\"attachment-thumbnail size-thumbnail\" alt=\"\" sizes=\"auto, (max-width: 575px) 100vw, (max-width: 991px) calc((100vw - 6.5rem) \/ 3), (-webkit-min-device-pixel-ratio: 1.5) calc((100vw - 7.5rem) \/ 4 \/ 1.5), calc((100vw - 7.5rem) \/ 4)\" srcset=\"https:\/\/2026.visionsdureel.ch\/wp-content\/uploads\/2026\/03\/VdR26_site_cover_miniatures_1920x1080px-320x180.jpg 320w, https:\/\/2026.visionsdureel.ch\/wp-content\/uploads\/2026\/03\/VdR26_site_cover_miniatures_1920x1080px-854x480.jpg 854w, https:\/\/2026.visionsdureel.ch\/wp-content\/uploads\/2026\/03\/VdR26_site_cover_miniatures_1920x1080px-1280x720.jpg 1280w, https:\/\/2026.visionsdureel.ch\/wp-content\/uploads\/2026\/03\/VdR26_site_cover_miniatures_1920x1080px-426x240.jpg 426w, https:\/\/2026.visionsdureel.ch\/wp-content\/uploads\/2026\/03\/VdR26_site_cover_miniatures_1920x1080px-640x360.jpg 640w, https:\/\/2026.visionsdureel.ch\/wp-content\/uploads\/2026\/03\/VdR26_site_cover_miniatures_1920x1080px.jpg 1920w\" \/>\t    \n    <\/a>\t\t\n<a href=\"https:\/\/2026.visionsdureel.ch\/de\/film\/2014\/remise-du-prix-maitre-du-reel\/\" class=\"link-reverse film-caption \">\n\t<span class=\"film_title\">Remise du Prix Ma\u00eetre du R\u00e9el<\/span>\n\t<span class=\"font-weight-normal\"><\/span>\n<\/a>\n\n  <\/div>\n    <div class=\"col-6 col-md-4 col-xl-3 film_thumb px-1\">\n    <a href=\"https:\/\/2026.visionsdureel.ch\/de\/film\/2014\/arthur-rimbaud-une-biographie\/\" class=\"thumbnail-16-9 \">\n\t\t<img loading=\"lazy\" decoding=\"async\" width=\"266\" height=\"180\" src=\"https:\/\/2026.visionsdureel.ch\/wp-content\/uploads\/2021\/01\/46635-266x180.jpg\" class=\"attachment-thumbnail size-thumbnail wp-post-image\" alt=\"\" sizes=\"auto, (max-width: 575px) 100vw, (max-width: 991px) calc((100vw - 6.5rem) \/ 3), (-webkit-min-device-pixel-ratio: 1.5) calc((100vw - 7.5rem) \/ 4 \/ 1.5), calc((100vw - 7.5rem) \/ 4)\" srcset=\"https:\/\/2026.visionsdureel.ch\/wp-content\/uploads\/2021\/01\/46635-266x180.jpg 266w, https:\/\/2026.visionsdureel.ch\/wp-content\/uploads\/2021\/01\/46635-708x480.jpg 708w, https:\/\/2026.visionsdureel.ch\/wp-content\/uploads\/2021\/01\/46635-1062x720.jpg 1062w, https:\/\/2026.visionsdureel.ch\/wp-content\/uploads\/2021\/01\/46635-354x240.jpg 354w, https:\/\/2026.visionsdureel.ch\/wp-content\/uploads\/2021\/01\/46635-531x360.jpg 531w, https:\/\/2026.visionsdureel.ch\/wp-content\/uploads\/2021\/01\/46635.jpg 1453w\" \/>\t    \n    <\/a>\t\t\n<a href=\"https:\/\/2026.visionsdureel.ch\/de\/film\/2014\/arthur-rimbaud-une-biographie\/\" class=\"link-reverse film-caption \">\n\t<span class=\"film_title\">Arthur Rimbaud, une biographie<\/span>\n\t<span class=\"font-weight-normal\">Richard&nbsp;Dindo<\/span>\n<\/a>\n\n  <\/div>\n    <div class=\"col-6 col-md-4 col-xl-3 film_thumb px-1\">\n    <a href=\"https:\/\/2026.visionsdureel.ch\/de\/film\/2014\/genet-in-chatila\/\" class=\"thumbnail-16-9 \">\n\t\t<img loading=\"lazy\" decoding=\"async\" width=\"251\" height=\"180\" src=\"https:\/\/2026.visionsdureel.ch\/wp-content\/uploads\/2021\/01\/46638-251x180.jpg\" class=\"attachment-thumbnail size-thumbnail wp-post-image\" alt=\"\" sizes=\"auto, (max-width: 575px) 100vw, (max-width: 991px) calc((100vw - 6.5rem) \/ 3), (-webkit-min-device-pixel-ratio: 1.5) calc((100vw - 7.5rem) \/ 4 \/ 1.5), calc((100vw - 7.5rem) \/ 4)\" srcset=\"https:\/\/2026.visionsdureel.ch\/wp-content\/uploads\/2021\/01\/46638-251x180.jpg 251w, https:\/\/2026.visionsdureel.ch\/wp-content\/uploads\/2021\/01\/46638-670x480.jpg 670w, https:\/\/2026.visionsdureel.ch\/wp-content\/uploads\/2021\/01\/46638-1005x720.jpg 1005w, https:\/\/2026.visionsdureel.ch\/wp-content\/uploads\/2021\/01\/46638-335x240.jpg 335w, https:\/\/2026.visionsdureel.ch\/wp-content\/uploads\/2021\/01\/46638-502x360.jpg 502w, https:\/\/2026.visionsdureel.ch\/wp-content\/uploads\/2021\/01\/46638.jpg 1379w\" \/>\t    \n    <\/a>\t\t\n<a href=\"https:\/\/2026.visionsdureel.ch\/de\/film\/2014\/genet-in-chatila\/\" class=\"link-reverse film-caption \">\n\t<span class=\"film_title\">Genet in Chatila<\/span>\n\t<span class=\"font-weight-normal\">Richard&nbsp;Dindo<\/span>\n<\/a>\n\n  <\/div>\n    <div class=\"col-6 col-md-4 col-xl-3 film_thumb px-1\">\n    <a href=\"https:\/\/2026.visionsdureel.ch\/de\/film\/2014\/masterclass-richard-dindo\/\" class=\"thumbnail-16-9 \">\n\t\t<img loading=\"lazy\" decoding=\"async\" width=\"320\" height=\"180\" src=\"https:\/\/2026.visionsdureel.ch\/wp-content\/uploads\/2026\/03\/VdR26_site_cover_miniatures_1920x1080px-320x180.jpg\" class=\"attachment-thumbnail size-thumbnail\" alt=\"\" sizes=\"auto, (max-width: 575px) 100vw, (max-width: 991px) calc((100vw - 6.5rem) \/ 3), (-webkit-min-device-pixel-ratio: 1.5) calc((100vw - 7.5rem) \/ 4 \/ 1.5), calc((100vw - 7.5rem) \/ 4)\" srcset=\"https:\/\/2026.visionsdureel.ch\/wp-content\/uploads\/2026\/03\/VdR26_site_cover_miniatures_1920x1080px-320x180.jpg 320w, https:\/\/2026.visionsdureel.ch\/wp-content\/uploads\/2026\/03\/VdR26_site_cover_miniatures_1920x1080px-854x480.jpg 854w, https:\/\/2026.visionsdureel.ch\/wp-content\/uploads\/2026\/03\/VdR26_site_cover_miniatures_1920x1080px-1280x720.jpg 1280w, https:\/\/2026.visionsdureel.ch\/wp-content\/uploads\/2026\/03\/VdR26_site_cover_miniatures_1920x1080px-426x240.jpg 426w, https:\/\/2026.visionsdureel.ch\/wp-content\/uploads\/2026\/03\/VdR26_site_cover_miniatures_1920x1080px-640x360.jpg 640w, https:\/\/2026.visionsdureel.ch\/wp-content\/uploads\/2026\/03\/VdR26_site_cover_miniatures_1920x1080px.jpg 1920w\" \/>\t    \n    <\/a>\t\t\n<a href=\"https:\/\/2026.visionsdureel.ch\/de\/film\/2014\/masterclass-richard-dindo\/\" class=\"link-reverse film-caption \">\n\t<span class=\"film_title\">Masterclass Richard Dindo<\/span>\n\t<span class=\"font-weight-normal\"><\/span>\n<\/a>\n\n  <\/div>\n    <div class=\"col-6 col-md-4 col-xl-3 film_thumb px-1\">\n    <a href=\"https:\/\/2026.visionsdureel.ch\/de\/film\/2014\/ernesto-che-guevara-the-bolivian-diary\/\" class=\"thumbnail-16-9 \">\n\t\t<img loading=\"lazy\" decoding=\"async\" width=\"266\" height=\"180\" src=\"https:\/\/2026.visionsdureel.ch\/wp-content\/uploads\/2021\/01\/46637-266x180.jpg\" class=\"attachment-thumbnail size-thumbnail wp-post-image\" alt=\"\" sizes=\"auto, (max-width: 575px) 100vw, (max-width: 991px) calc((100vw - 6.5rem) \/ 3), (-webkit-min-device-pixel-ratio: 1.5) calc((100vw - 7.5rem) \/ 4 \/ 1.5), calc((100vw - 7.5rem) \/ 4)\" srcset=\"https:\/\/2026.visionsdureel.ch\/wp-content\/uploads\/2021\/01\/46637-266x180.jpg 266w, https:\/\/2026.visionsdureel.ch\/wp-content\/uploads\/2021\/01\/46637-710x480.jpg 710w, https:\/\/2026.visionsdureel.ch\/wp-content\/uploads\/2021\/01\/46637-1064x720.jpg 1064w, https:\/\/2026.visionsdureel.ch\/wp-content\/uploads\/2021\/01\/46637-355x240.jpg 355w, https:\/\/2026.visionsdureel.ch\/wp-content\/uploads\/2021\/01\/46637-532x360.jpg 532w, https:\/\/2026.visionsdureel.ch\/wp-content\/uploads\/2021\/01\/46637-1597x1080.jpg 1597w, https:\/\/2026.visionsdureel.ch\/wp-content\/uploads\/2021\/01\/46637.jpg 1641w\" \/>\t    \n    <\/a>\t\t\n<a href=\"https:\/\/2026.visionsdureel.ch\/de\/film\/2014\/ernesto-che-guevara-the-bolivian-diary\/\" class=\"link-reverse film-caption \">\n\t<span class=\"film_title\">Ernesto \u00abChe\u00bb Guevara, The Bolivian Diary<\/span>\n\t<span class=\"font-weight-normal\">Richard&nbsp;Dindo<\/span>\n<\/a>\n\n  <\/div>\n    <div class=\"col-6 col-md-4 col-xl-3 film_thumb px-1\">\n    <a href=\"https:\/\/2026.visionsdureel.ch\/de\/film\/2014\/dani-michi-renato-max\/\" class=\"thumbnail-16-9 \">\n\t\t<img loading=\"lazy\" decoding=\"async\" width=\"320\" height=\"180\" src=\"https:\/\/2026.visionsdureel.ch\/wp-content\/uploads\/2026\/03\/VdR26_site_cover_miniatures_1920x1080px-320x180.jpg\" class=\"attachment-thumbnail size-thumbnail\" alt=\"\" sizes=\"auto, (max-width: 575px) 100vw, (max-width: 991px) calc((100vw - 6.5rem) \/ 3), (-webkit-min-device-pixel-ratio: 1.5) calc((100vw - 7.5rem) \/ 4 \/ 1.5), calc((100vw - 7.5rem) \/ 4)\" srcset=\"https:\/\/2026.visionsdureel.ch\/wp-content\/uploads\/2026\/03\/VdR26_site_cover_miniatures_1920x1080px-320x180.jpg 320w, https:\/\/2026.visionsdureel.ch\/wp-content\/uploads\/2026\/03\/VdR26_site_cover_miniatures_1920x1080px-854x480.jpg 854w, https:\/\/2026.visionsdureel.ch\/wp-content\/uploads\/2026\/03\/VdR26_site_cover_miniatures_1920x1080px-1280x720.jpg 1280w, https:\/\/2026.visionsdureel.ch\/wp-content\/uploads\/2026\/03\/VdR26_site_cover_miniatures_1920x1080px-426x240.jpg 426w, https:\/\/2026.visionsdureel.ch\/wp-content\/uploads\/2026\/03\/VdR26_site_cover_miniatures_1920x1080px-640x360.jpg 640w, https:\/\/2026.visionsdureel.ch\/wp-content\/uploads\/2026\/03\/VdR26_site_cover_miniatures_1920x1080px.jpg 1920w\" \/>\t    \n    <\/a>\t\t\n<a href=\"https:\/\/2026.visionsdureel.ch\/de\/film\/2014\/dani-michi-renato-max\/\" class=\"link-reverse film-caption \">\n\t<span class=\"film_title\">Dani, Michi, Renato &#038; Max<\/span>\n\t<span class=\"font-weight-normal\">Richard&nbsp;Dindo<\/span>\n<\/a>\n\n  <\/div>\n    <div class=\"col-6 col-md-4 col-xl-3 film_thumb px-1\">\n    <a href=\"https:\/\/2026.visionsdureel.ch\/de\/film\/2014\/lexecution-du-traitre-a-la-patrie-ernst-s\/\" class=\"thumbnail-16-9 \">\n\t\t<img loading=\"lazy\" decoding=\"async\" width=\"273\" height=\"180\" src=\"https:\/\/2026.visionsdureel.ch\/wp-content\/uploads\/2021\/01\/46639-273x180.jpg\" class=\"attachment-thumbnail size-thumbnail wp-post-image\" alt=\"\" sizes=\"auto, (max-width: 575px) 100vw, (max-width: 991px) calc((100vw - 6.5rem) \/ 3), (-webkit-min-device-pixel-ratio: 1.5) calc((100vw - 7.5rem) \/ 4 \/ 1.5), calc((100vw - 7.5rem) \/ 4)\" srcset=\"https:\/\/2026.visionsdureel.ch\/wp-content\/uploads\/2021\/01\/46639-273x180.jpg 273w, https:\/\/2026.visionsdureel.ch\/wp-content\/uploads\/2021\/01\/46639-729x480.jpg 729w, https:\/\/2026.visionsdureel.ch\/wp-content\/uploads\/2021\/01\/46639-1094x720.jpg 1094w, https:\/\/2026.visionsdureel.ch\/wp-content\/uploads\/2021\/01\/46639-365x240.jpg 365w, https:\/\/2026.visionsdureel.ch\/wp-content\/uploads\/2021\/01\/46639-547x360.jpg 547w, https:\/\/2026.visionsdureel.ch\/wp-content\/uploads\/2021\/01\/46639.jpg 1182w\" \/>\t    \n    <\/a>\t\t\n<a href=\"https:\/\/2026.visionsdureel.ch\/de\/film\/2014\/lexecution-du-traitre-a-la-patrie-ernst-s\/\" class=\"link-reverse film-caption \">\n\t<span class=\"film_title\">L\u2019Ex\u00e9cution du tra\u00eetre \u00e0 la patrie Ernst S.<\/span>\n\t<span class=\"font-weight-normal\">Richard&nbsp;Dindo<\/span>\n<\/a>\n\n  <\/div>\n  <\/div>\n<div class=\"row mt-4\">\n<div class=\"col-12 col-sm-10 col-md-9 col-lg-7 col-xl-6 mx-auto\">\n","protected":false},"excerpt":{"rendered":"<p>Le premier Prix Ma\u00eetre du R\u00e9el est d\u00e9cern\u00e9 cette ann\u00e9e au cin\u00e9aste suisse Richard Dindo, l\u2019un des plus c\u00e9l\u00e8bres r\u00e9alisateurs<\/p>\n","protected":false},"featured_media":28049,"menu_order":0,"template":"","meta":{"_acf_changed":false},"class_list":["post-28048","invite-dhonneur","type-invite-dhonneur","status-publish","has-post-thumbnail","hentry"],"acf":[],"_links":{"self":[{"href":"https:\/\/2026.visionsdureel.ch\/de\/wp-json\/wp\/v2\/invite-dhonneur\/28048","targetHints":{"allow":["GET"]}}],"collection":[{"href":"https:\/\/2026.visionsdureel.ch\/de\/wp-json\/wp\/v2\/invite-dhonneur"}],"about":[{"href":"https:\/\/2026.visionsdureel.ch\/de\/wp-json\/wp\/v2\/types\/invite-dhonneur"}],"wp:featuredmedia":[{"embeddable":true,"href":"https:\/\/2026.visionsdureel.ch\/de\/wp-json\/wp\/v2\/media\/28049"}],"wp:attachment":[{"href":"https:\/\/2026.visionsdureel.ch\/de\/wp-json\/wp\/v2\/media?parent=28048"}],"curies":[{"name":"wp","href":"https:\/\/api.w.org\/{rel}","templated":true}]}}