{"id":27286,"date":"2020-01-01T00:00:00","date_gmt":"2019-12-31T23:00:00","guid":{"rendered":"https:\/\/vdr.daisybell.ch\/news\/petra-costa\/"},"modified":"2021-03-02T18:03:46","modified_gmt":"2021-03-02T17:03:46","slug":"petra-costa","status":"publish","type":"atelier","link":"https:\/\/2026.visionsdureel.ch\/de\/programm\/ateliers\/petra-costa\/","title":{"rendered":"Petra Costa"},"content":{"rendered":"\n<h2 class=\"wp-block-heading\" id=\"h-petra-costa-die-dieses-jahr-f-r-einen-oscar-in-der-kategorie-bester-dokumentarfilm-f-r-the-edge-of-democracy-nominiert-wurde-wird-bei-visions-du-r-el-in-der-ersten-retrospektive-ihres-werks-ihre-arbeit-als-regisseurin-und-produzentin-vorstellen\">Petra Costa, die dieses Jahr f\u00fcr einen Oscar in der Kategorie Bester Dokumentarfilm f\u00fcr <em>The Edge of Democracy<\/em> nominiert wurde, wird bei Visions du R\u00e9el in der ersten Retrospektive ihres Werks ihre Arbeit als Regisseurin und Produzentin vorstellen.<\/h2>\n\n\n\n<p>Im Rahmen dieses Atelier in Zusammenarbeit mit HEAD \u2013 Gen\u00e8ve wird Petra Costa eine Masterclass abhalten, bei der das Publikum die M\u00f6glichkeit des Austausches mit ihr hat.<br>Auf die sich durch ihr Land ziehenden Risse und seine Widerspr\u00fcche geht die brasilianische Filmemacherin unter R\u00fcckgriff auf ihre pers\u00f6nlichen Erfahrungen ein. Das Festival ist hoch erfreut, in Petra Costa, die derzeit durch den brasilianischen Pr\u00e4sidenten Jair Bolsonaro \u00f6ffentlich beschuldigt wird, die Regierung angegriffen zu haben, eine Frau willkommen zu heissen, die sich f\u00fcr Demokratie und Meinungsfreiheit einsetzt.<\/p>\n\n\n\n<h2 class=\"wp-block-heading\" id=\"h-masterclass\">Masterclass<\/h2>\n\n\n\n<p>Delphine Jeanneret (Wissenschaftliche Mitarbeiterin, HEAD-Genf)<br>Giona Nazzaro (Mitglied der Auswahlkommission, Visions du R\u00e9el)<\/p>\n\n\n\n<figure class=\"wp-block-embed is-type-video is-provider-youtube wp-block-embed-youtube wp-embed-aspect-16-9 wp-has-aspect-ratio\"><div class=\"wp-block-embed__wrapper\">\n<iframe loading=\"lazy\" title=\"VdR2020 | Masterclass Petra Costa\" width=\"580\" height=\"326\" src=\"https:\/\/www.youtube.com\/embed\/NijECeDWo6Y?feature=oembed&#038;modestbranding=1&#038;showinfo=0&#038;rel=0\" frameborder=\"0\" allow=\"accelerometer; autoplay; clipboard-write; encrypted-media; gyroscope; picture-in-picture; web-share\" referrerpolicy=\"strict-origin-when-cross-origin\" allowfullscreen><\/iframe>\n<\/div><\/figure>\n\n\n<div id=\"tabs-block_600c2c60ba079\" class=\"tabs\">\n\t\t<ul class=\"nav nav-tabs sticky-top\" role=\"tablist\">\n\t\t\t  \t<li class=\"nav-item\" role=\"presentation\">\n\t\t\t<a \n\t\t\t   \tclass=\"nav-link h3 mb-0 active pl-0\" \n\t\t\t   \tid=\"tab_id80-1-tab\" \n\t\t\t   \tdata-toggle=\"tab\" \n\t\t\t   \thref=\"#tab_id80-1\" \n\t\t\t   \trole=\"tab\" \n\t\t\t   \taria-controls=\"tab_id80-1\" \n\t\t\t   \taria-selected=\"true\">\n\t\t\t\t\tBiografie\t\t\t<\/a>\n\t  \t<\/li>\n\t\t\t  \t<li class=\"nav-item\" role=\"presentation\">\n\t\t\t<a \n\t\t\t   \tclass=\"nav-link h3 mb-0 \" \n\t\t\t   \tid=\"tab_id87-2-tab\" \n\t\t\t   \tdata-toggle=\"tab\" \n\t\t\t   \thref=\"#tab_id87-2\" \n\t\t\t   \trole=\"tab\" \n\t\t\t   \taria-controls=\"tab_id87-2\" \n\t\t\t   \taria-selected=\"true\">\n\t\t\t\t\tFilmografie\t\t\t<\/a>\n\t  \t<\/li>\n\t\t\t<\/ul>\n\t<div class=\"tab-content\">\n\t\t\t\t<div \n\t\t\t class=\"tab-pane pt-3 fade show active\" \n\t\t\t id=\"tab_id80-1\" \n\t\t\t role=\"tabpanel\" \n\t\t\t aria-labelledby=\"tab_id80-1-tab\">\n\t\t\t\t<p>In Petra Costas Arbeit sind die pers\u00f6nliche und die politische Ebene untrennbar miteinander verbunden. <em>The Edge of Democracy<\/em> (2019), ihr j\u00fcngster von Netflix produzierter und f\u00fcr einen Oscar nominierter Film, ist der letzte Teil einer Trilogie, in der der Werdegang der Regisseurin mit der turbulenten Geschichte ihres Heimatlandes Brasilien aufeinandertrifft. <em>Undertow Eyes<\/em>, ihr erster Kurzfilm, geht den Erinnerungen und Geschichten ihrer Grosseltern in einer pers\u00f6nlichen und existenziellen Erz\u00e4hlung \u00fcber Liebe und Tod nach. Der 2010 im MoMA vorgef\u00fchrte Film gewann den Preis f\u00fcr den besten Kurzfilm beim Internationalen Filmfestival von Rio de Janeiro, beim Internationalen Dokumentarfilmfestival in London und beim Internationalen Filmfestival Cine Las Americas (Austin, USA). <em>Elena<\/em>, ihr erster Langfilm, war 2013 der meistgesehene Dokumentarfilm in Brasilien. Dieser Film, eine Mischung aus Doku, Tagebuch und Fiebertr\u00e4umen, wurde von Kritikern auf der ganzen Welt gefeiert. Er erhielt unter anderem den Preis f\u00fcr den besten Film beim Filmfestival von Havanna (2013) sowie eine Nominierung f\u00fcr die beste Kamera bei den Cinema Eye Honors (2014). 2015 f\u00fchrte Petra Costa gemeinsam mit Lea Glob Regie bei <em>Olmo and the Seagull<\/em>, einem gekonnt zwischen Fiktion und Doku oszillierenden Tauchgang in die m\u00e4andernden Gedanken einer jungen Schauspielerin w\u00e4hrend ihrer Schwangerschaft.<\/p>\n<p>Das Atelier wird ausserdem die Gelegenheit bieten, zwei Filme vorzustellen, die sie mit ihrer Produktionsfirma Busca Vida Filmes produziert hat: <em>Babenco: Tell Me When I Die <\/em>von B\u00e1rbara Paz (pr\u00e4miert bei den letzten Internationalen Filmfestspielen von Venedig) und <em>Ecstasy<\/em> von Moara Passoni (Weltpremiere beim kommenden CPH:DOX 2020, Copenhagen International Documentary Film Festival). Die Regisseurin begann ihre Theaterausbildung in Brasilien im Alter von 14 Jahren. Die Absolventin der Fakult\u00e4t f\u00fcr Schauspielkunst der Universit\u00e4t S\u00e3o Paulo studierte ausserdem Anthropologie und erwarb einen Master in Sozialpsychologie.<\/p>\n\t\t<\/div>\n\t\t\t\t<div \n\t\t\t class=\"tab-pane pt-3 fade \" \n\t\t\t id=\"tab_id87-2\" \n\t\t\t role=\"tabpanel\" \n\t\t\t aria-labelledby=\"tab_id87-2-tab\">\n\t\t\t\t<p>Als Regisseur<\/p>\n<ul>\n<li><em>The Edge of Democracy<\/em>, 2019<\/li>\n<li><em>Olmo and the Seagull<\/em>, 2015<\/li>\n<li><em>Elena<\/em>, 2012<\/li>\n<li><em>Olhos de Ressaca<\/em>, 2009<\/li>\n<\/ul>\n<p>Als Produzent<\/p>\n<ul>\n<li><em>Babenco: Tell Me When I Die, de B\u00e1rbara Paz<\/em>, 2019<\/li>\n<li><em>Ecstasy,\u00a0de Moara Passoni<\/em>,\u00a02020<\/li>\n<\/ul>\n\t\t<\/div>\n\t\t\t<\/div>\n\t<\/div>\n\n\n\n<h2 class=\"wp-block-heading\" id=\"h-programme\">Programme<\/h2>\n\n\n<\/div>\n<\/div>\n<div class=\"row mt-3 px-1 justify-content-center\">\n    <div class=\"col-6 col-md-4 col-xl-3 film_thumb px-1\">\n    <a href=\"https:\/\/2026.visionsdureel.ch\/de\/film\/2020\/the-edge-of-democracy\/\" class=\"thumbnail-16-9 \">\n\t\t<img loading=\"lazy\" decoding=\"async\" width=\"320\" height=\"170\" src=\"https:\/\/2026.visionsdureel.ch\/wp-content\/uploads\/2021\/01\/732011-320x170.jpg\" class=\"attachment-thumbnail size-thumbnail wp-post-image\" alt=\"Film still of the film The Edge of Democracy, directed by Petra Costa, Visions du R\u00e9el 2020\" sizes=\"auto, (max-width: 575px) 100vw, (max-width: 991px) calc((100vw - 6.5rem) \/ 3), (-webkit-min-device-pixel-ratio: 1.5) calc((100vw - 7.5rem) \/ 4 \/ 1.5), calc((100vw - 7.5rem) \/ 4)\" srcset=\"https:\/\/2026.visionsdureel.ch\/wp-content\/uploads\/2021\/01\/732011-320x170.jpg 320w, https:\/\/2026.visionsdureel.ch\/wp-content\/uploads\/2021\/01\/732011-854x455.jpg 854w, https:\/\/2026.visionsdureel.ch\/wp-content\/uploads\/2021\/01\/732011-1280x682.jpg 1280w, https:\/\/2026.visionsdureel.ch\/wp-content\/uploads\/2021\/01\/732011-426x227.jpg 426w, https:\/\/2026.visionsdureel.ch\/wp-content\/uploads\/2021\/01\/732011-640x341.jpg 640w, https:\/\/2026.visionsdureel.ch\/wp-content\/uploads\/2021\/01\/732011-1920x1023.jpg 1920w\" \/>\t    \n    <\/a>\t\t\n<a href=\"https:\/\/2026.visionsdureel.ch\/de\/film\/2020\/the-edge-of-democracy\/\" class=\"link-reverse film-caption \">\n\t<span class=\"film_title\">The Edge of Democracy<\/span>\n\t<span class=\"font-weight-normal\">Petra&nbsp;Costa<\/span>\n<\/a>\n\n  <\/div>\n    <div class=\"col-6 col-md-4 col-xl-3 film_thumb px-1\">\n    <a href=\"https:\/\/2026.visionsdureel.ch\/de\/film\/2020\/elena\/\" class=\"thumbnail-16-9 \">\n\t\t<img loading=\"lazy\" decoding=\"async\" width=\"320\" height=\"180\" src=\"https:\/\/2026.visionsdureel.ch\/wp-content\/uploads\/2021\/01\/732019-320x180.jpg\" class=\"attachment-thumbnail size-thumbnail wp-post-image\" alt=\"Film still of the film Elena, directed by Petra Costa, Visions du R\u00e9el 2020\" sizes=\"auto, (max-width: 575px) 100vw, (max-width: 991px) calc((100vw - 6.5rem) \/ 3), (-webkit-min-device-pixel-ratio: 1.5) calc((100vw - 7.5rem) \/ 4 \/ 1.5), calc((100vw - 7.5rem) \/ 4)\" srcset=\"https:\/\/2026.visionsdureel.ch\/wp-content\/uploads\/2021\/01\/732019-320x180.jpg 320w, https:\/\/2026.visionsdureel.ch\/wp-content\/uploads\/2021\/01\/732019-854x480.jpg 854w, https:\/\/2026.visionsdureel.ch\/wp-content\/uploads\/2021\/01\/732019-1280x720.jpg 1280w, https:\/\/2026.visionsdureel.ch\/wp-content\/uploads\/2021\/01\/732019-426x240.jpg 426w, https:\/\/2026.visionsdureel.ch\/wp-content\/uploads\/2021\/01\/732019-640x360.jpg 640w, https:\/\/2026.visionsdureel.ch\/wp-content\/uploads\/2021\/01\/732019.jpg 1920w\" \/>\t    \n    <\/a>\t\t\n<a href=\"https:\/\/2026.visionsdureel.ch\/de\/film\/2020\/elena\/\" class=\"link-reverse film-caption \">\n\t<span class=\"film_title\">Elena<\/span>\n\t<span class=\"font-weight-normal\">Petra&nbsp;Costa<\/span>\n<\/a>\n\n  <\/div>\n    <div class=\"col-6 col-md-4 col-xl-3 film_thumb px-1\">\n    <a href=\"https:\/\/2026.visionsdureel.ch\/de\/film\/2020\/olmo-and-the-seagull\/\" class=\"thumbnail-16-9 \">\n\t\t<img loading=\"lazy\" decoding=\"async\" width=\"270\" height=\"180\" src=\"https:\/\/2026.visionsdureel.ch\/wp-content\/uploads\/2021\/01\/732015-270x180.jpg\" class=\"attachment-thumbnail size-thumbnail wp-post-image\" alt=\"\" sizes=\"auto, (max-width: 575px) 100vw, (max-width: 991px) calc((100vw - 6.5rem) \/ 3), (-webkit-min-device-pixel-ratio: 1.5) calc((100vw - 7.5rem) \/ 4 \/ 1.5), calc((100vw - 7.5rem) \/ 4)\" srcset=\"https:\/\/2026.visionsdureel.ch\/wp-content\/uploads\/2021\/01\/732015-270x180.jpg 270w, https:\/\/2026.visionsdureel.ch\/wp-content\/uploads\/2021\/01\/732015-720x480.jpg 720w, https:\/\/2026.visionsdureel.ch\/wp-content\/uploads\/2021\/01\/732015-1080x720.jpg 1080w, https:\/\/2026.visionsdureel.ch\/wp-content\/uploads\/2021\/01\/732015-360x240.jpg 360w, https:\/\/2026.visionsdureel.ch\/wp-content\/uploads\/2021\/01\/732015-540x360.jpg 540w, https:\/\/2026.visionsdureel.ch\/wp-content\/uploads\/2021\/01\/732015-1620x1080.jpg 1620w\" \/>\t    \n    <\/a>\t\t\n<a href=\"https:\/\/2026.visionsdureel.ch\/de\/film\/2020\/olmo-and-the-seagull\/\" class=\"link-reverse film-caption \">\n\t<span class=\"film_title\">Olmo and the Seagull<\/span>\n\t<span class=\"font-weight-normal\">Petra&nbsp;Costa &#038; Lea&nbsp;Glob<\/span>\n<\/a>\n\n  <\/div>\n    <div class=\"col-6 col-md-4 col-xl-3 film_thumb px-1\">\n    <a href=\"https:\/\/2026.visionsdureel.ch\/de\/film\/2020\/babenco-tell-me-when-i-die\/\" class=\"thumbnail-16-9 \">\n\t\t<img loading=\"lazy\" decoding=\"async\" width=\"269\" height=\"180\" src=\"https:\/\/2026.visionsdureel.ch\/wp-content\/uploads\/2021\/01\/735561-269x180.jpg\" class=\"attachment-thumbnail size-thumbnail wp-post-image\" alt=\"\" sizes=\"auto, (max-width: 575px) 100vw, (max-width: 991px) calc((100vw - 6.5rem) \/ 3), (-webkit-min-device-pixel-ratio: 1.5) calc((100vw - 7.5rem) \/ 4 \/ 1.5), calc((100vw - 7.5rem) \/ 4)\" srcset=\"https:\/\/2026.visionsdureel.ch\/wp-content\/uploads\/2021\/01\/735561-269x180.jpg 269w, https:\/\/2026.visionsdureel.ch\/wp-content\/uploads\/2021\/01\/735561-717x480.jpg 717w, https:\/\/2026.visionsdureel.ch\/wp-content\/uploads\/2021\/01\/735561-1075x720.jpg 1075w, https:\/\/2026.visionsdureel.ch\/wp-content\/uploads\/2021\/01\/735561-358x240.jpg 358w, https:\/\/2026.visionsdureel.ch\/wp-content\/uploads\/2021\/01\/735561-538x360.jpg 538w, https:\/\/2026.visionsdureel.ch\/wp-content\/uploads\/2021\/01\/735561.jpg 1613w\" \/>\t    \n    <\/a>\t\t\n<a href=\"https:\/\/2026.visionsdureel.ch\/de\/film\/2020\/babenco-tell-me-when-i-die\/\" class=\"link-reverse film-caption \">\n\t<span class=\"film_title\">Babenco: Tell Me When I Die<\/span>\n\t<span class=\"font-weight-normal\">B\u00e1rbara&nbsp;Paz &#038; B\u00e1rbara&nbsp;Paz<\/span>\n<\/a>\n\n  <\/div>\n    <div class=\"col-6 col-md-4 col-xl-3 film_thumb px-1\">\n    <a href=\"https:\/\/2026.visionsdureel.ch\/de\/film\/2020\/undertow-eyes\/\" class=\"thumbnail-16-9 \">\n\t\t<img loading=\"lazy\" decoding=\"async\" width=\"320\" height=\"180\" src=\"https:\/\/2026.visionsdureel.ch\/wp-content\/uploads\/2026\/03\/VdR26_site_cover_miniatures_1920x1080px-320x180.jpg\" class=\"attachment-thumbnail size-thumbnail\" alt=\"\" sizes=\"auto, (max-width: 575px) 100vw, (max-width: 991px) calc((100vw - 6.5rem) \/ 3), (-webkit-min-device-pixel-ratio: 1.5) calc((100vw - 7.5rem) \/ 4 \/ 1.5), calc((100vw - 7.5rem) \/ 4)\" srcset=\"https:\/\/2026.visionsdureel.ch\/wp-content\/uploads\/2026\/03\/VdR26_site_cover_miniatures_1920x1080px-320x180.jpg 320w, https:\/\/2026.visionsdureel.ch\/wp-content\/uploads\/2026\/03\/VdR26_site_cover_miniatures_1920x1080px-854x480.jpg 854w, https:\/\/2026.visionsdureel.ch\/wp-content\/uploads\/2026\/03\/VdR26_site_cover_miniatures_1920x1080px-1280x720.jpg 1280w, https:\/\/2026.visionsdureel.ch\/wp-content\/uploads\/2026\/03\/VdR26_site_cover_miniatures_1920x1080px-426x240.jpg 426w, https:\/\/2026.visionsdureel.ch\/wp-content\/uploads\/2026\/03\/VdR26_site_cover_miniatures_1920x1080px-640x360.jpg 640w, https:\/\/2026.visionsdureel.ch\/wp-content\/uploads\/2026\/03\/VdR26_site_cover_miniatures_1920x1080px.jpg 1920w\" \/>\t    \n    <\/a>\t\t\n<a href=\"https:\/\/2026.visionsdureel.ch\/de\/film\/2020\/undertow-eyes\/\" class=\"link-reverse film-caption \">\n\t<span class=\"film_title\">Undertow Eyes<\/span>\n\t<span class=\"font-weight-normal\">Petra&nbsp;Costa<\/span>\n<\/a>\n\n  <\/div>\n    <div class=\"col-6 col-md-4 col-xl-3 film_thumb px-1\">\n    <a href=\"https:\/\/2026.visionsdureel.ch\/de\/film\/2020\/ecstasy\/\" class=\"thumbnail-16-9 \">\n\t\t<img loading=\"lazy\" decoding=\"async\" width=\"320\" height=\"180\" src=\"https:\/\/2026.visionsdureel.ch\/wp-content\/uploads\/2021\/01\/739327-320x180.jpg\" class=\"attachment-thumbnail size-thumbnail wp-post-image\" alt=\"\" sizes=\"auto, (max-width: 575px) 100vw, (max-width: 991px) calc((100vw - 6.5rem) \/ 3), (-webkit-min-device-pixel-ratio: 1.5) calc((100vw - 7.5rem) \/ 4 \/ 1.5), calc((100vw - 7.5rem) \/ 4)\" srcset=\"https:\/\/2026.visionsdureel.ch\/wp-content\/uploads\/2021\/01\/739327-320x180.jpg 320w, https:\/\/2026.visionsdureel.ch\/wp-content\/uploads\/2021\/01\/739327-854x480.jpg 854w, https:\/\/2026.visionsdureel.ch\/wp-content\/uploads\/2021\/01\/739327-1280x720.jpg 1280w, https:\/\/2026.visionsdureel.ch\/wp-content\/uploads\/2021\/01\/739327-426x240.jpg 426w, https:\/\/2026.visionsdureel.ch\/wp-content\/uploads\/2021\/01\/739327-640x360.jpg 640w, https:\/\/2026.visionsdureel.ch\/wp-content\/uploads\/2021\/01\/739327.jpg 1600w\" \/>\t    \n    <\/a>\t\t\n<a href=\"https:\/\/2026.visionsdureel.ch\/de\/film\/2020\/ecstasy\/\" class=\"link-reverse film-caption \">\n\t<span class=\"film_title\">Ecstasy<\/span>\n\t<span class=\"font-weight-normal\">Moara&nbsp;Passoni<\/span>\n<\/a>\n\n  <\/div>\n  <\/div>\n<div class=\"row mt-4\">\n<div class=\"col-12 col-sm-10 col-md-9 col-lg-7 col-xl-6 mx-auto\">\n","protected":false},"excerpt":{"rendered":"<p>Petra Costa sera \u00e0 Visions du R\u00e9el pour pr\u00e9senter son travail de r\u00e9alisatrice et de productrice lors de la premi\u00e8re r\u00e9trospective consacr\u00e9e \u00e0 son \u0153uvre.<\/p>\n","protected":false},"featured_media":10020,"menu_order":0,"template":"","meta":{"_acf_changed":false},"class_list":["post-27286","atelier","type-atelier","status-publish","has-post-thumbnail","hentry"],"acf":[],"_links":{"self":[{"href":"https:\/\/2026.visionsdureel.ch\/de\/wp-json\/wp\/v2\/atelier\/27286","targetHints":{"allow":["GET"]}}],"collection":[{"href":"https:\/\/2026.visionsdureel.ch\/de\/wp-json\/wp\/v2\/atelier"}],"about":[{"href":"https:\/\/2026.visionsdureel.ch\/de\/wp-json\/wp\/v2\/types\/atelier"}],"wp:featuredmedia":[{"embeddable":true,"href":"https:\/\/2026.visionsdureel.ch\/de\/wp-json\/wp\/v2\/media\/10020"}],"wp:attachment":[{"href":"https:\/\/2026.visionsdureel.ch\/de\/wp-json\/wp\/v2\/media?parent=27286"}],"curies":[{"name":"wp","href":"https:\/\/api.w.org\/{rel}","templated":true}]}}