{"version":"1.0","provider_name":"Visions du R\u00e9el","provider_url":"https:\/\/2026.visionsdureel.ch\/de\/","author_name":"Diego","author_url":"https:\/\/2026.visionsdureel.ch\/de\/author\/diego\/","title":"Appel \u00e0 logeur\u00b7euse\u00b7s! \ud83c\udfe0","type":"rich","width":600,"height":338,"html":"<blockquote class=\"wp-embedded-content\" data-secret=\"zMQ9PvCMqa\"><a href=\"https:\/\/2026.visionsdureel.ch\/de\/info\/logeur-euse-s\/\">Logeur\u00b7euse\u00b7s<\/a><\/blockquote><iframe sandbox=\"allow-scripts\" security=\"restricted\" src=\"https:\/\/2026.visionsdureel.ch\/de\/info\/logeur-euse-s\/embed\/#?secret=zMQ9PvCMqa\" width=\"600\" height=\"338\" title=\"&#8222;Logeur\u00b7euse\u00b7s&#8220; &#8211; Visions du R\u00e9el\" data-secret=\"zMQ9PvCMqa\" frameborder=\"0\" marginwidth=\"0\" marginheight=\"0\" scrolling=\"no\" class=\"wp-embedded-content\"><\/iframe><script>\n\/*! This file is auto-generated *\/\n!function(d,l){\"use strict\";l.querySelector&&d.addEventListener&&\"undefined\"!=typeof URL&&(d.wp=d.wp||{},d.wp.receiveEmbedMessage||(d.wp.receiveEmbedMessage=function(e){var t=e.data;if((t||t.secret||t.message||t.value)&&!\/[^a-zA-Z0-9]\/.test(t.secret)){for(var s,r,n,a=l.querySelectorAll('iframe[data-secret=\"'+t.secret+'\"]'),o=l.querySelectorAll('blockquote[data-secret=\"'+t.secret+'\"]'),c=new RegExp(\"^https?:$\",\"i\"),i=0;i<o.length;i++)o[i].style.display=\"none\";for(i=0;i<a.length;i++)s=a[i],e.source===s.contentWindow&&(s.removeAttribute(\"style\"),\"height\"===t.message?(1e3<(r=parseInt(t.value,10))?r=1e3:~~r<200&&(r=200),s.height=r):\"link\"===t.message&&(r=new URL(s.getAttribute(\"src\")),n=new URL(t.value),c.test(n.protocol))&&n.host===r.host&&l.activeElement===s&&(d.top.location.href=t.value))}},d.addEventListener(\"message\",d.wp.receiveEmbedMessage,!1),l.addEventListener(\"DOMContentLoaded\",function(){for(var e,t,s=l.querySelectorAll(\"iframe.wp-embedded-content\"),r=0;r<s.length;r++)(t=(e=s[r]).getAttribute(\"data-secret\"))||(t=Math.random().toString(36).substring(2,12),e.src+=\"#?secret=\"+t,e.setAttribute(\"data-secret\",t)),e.contentWindow.postMessage({message:\"ready\",secret:t},\"*\")},!1)))}(window,document);\n<\/script>\n","thumbnail_url":"https:\/\/2026.visionsdureel.ch\/wp-content\/uploads\/2021\/02\/aerienne-nyon-30-4-2019-0104.jpeg","thumbnail_width":1920,"thumbnail_height":961,"description":"Chaque ann\u00e9e, nous sommes \u00e0 la recherche de logements pour accueillir les \u00e9quipes du Festival sur Nyon. N'h\u00e9sitez pas \u00e0 prendre contact avec nous si vous avez une chambre \u00e0 disposition durant cette p\u00e9riode pour accueillir notre merveilleuse \u00e9quipe !"}